{"id":7360,"date":"2025-07-08T12:21:10","date_gmt":"2025-07-08T12:21:10","guid":{"rendered":"https:\/\/klosterherberge-solothurn.ch\/seminare-retreats\/"},"modified":"2025-07-14T14:17:25","modified_gmt":"2025-07-14T14:17:25","slug":"seminaires-retraites","status":"publish","type":"page","link":"https:\/\/klosterherberge-solothurn.ch\/fr\/seminaires-retraites\/","title":{"rendered":"S\u00e9minaires\/Retraites"},"content":{"rendered":"","protected":false},"excerpt":{"rendered":"","protected":false},"author":3,"featured_media":0,"parent":0,"menu_order":46,"comment_status":"closed","ping_status":"closed","template":"views\/template-custom.blade.php","meta":{"_acf_changed":false,"inline_featured_image":false},"class_list":["post-7360","page","type-page","status-publish","hentry"],"acf":{"text-header":{"text":"<h1 style=\"text-align: center;\">S\u00e9minaires\/Retraites<\/h1>\n<p class=\"lead\" style=\"text-align: center;\">\n"},"text_header":{"text-header":{"text":"<h1 style=\"text-align: center;\">S\u00e9minaires\/Retraites<\/h1>\n<p class=\"lead\" style=\"text-align: center;\">\n"}},"elements":[{"acf_fc_layout":"image-text-teaser","image-text-teaser":{"placement-image":"left","background":"false","":null,"text":"<h2>Un lieu aux multiples facettes<\/h2>\n<p>Vous \u00eates \u00e0 la recherche d&#8217;un lieu appropri\u00e9 pour votre s\u00e9minaire ou votre retraite ? L&#8217;auberge du monast\u00e8re convient parfaitement aux petits s\u00e9minaires ou retraites pouvant accueillir jusqu&#8217;\u00e0 12 personnes. Si vous r\u00e9servez l&#8217;ensemble des six chambres du monast\u00e8re, vous pouvez utiliser en exclusivit\u00e9 le salon ainsi que le jardin pour des groupes de discussion, des brainstormings ou des r\u00e9unions. Nous nous tenons volontiers \u00e0 votre disposition pour de plus amples informations sur l&#8217;infrastructure et les possibilit\u00e9s sur place.<\/p>\n","link":"","image":{"ID":7290,"id":7290,"title":"250611_070_SvG_w-aspect-ratio-630-630","filename":"250611_070_SvG_w-aspect-ratio-630-630.jpg","filesize":370790,"url":"https:\/\/klosterherberge-solothurn.ch\/app\/uploads\/2025\/07\/250611_070_SvG_w-aspect-ratio-630-630.jpg","link":"https:\/\/klosterherberge-solothurn.ch\/fr\/seminaires-retraites\/250611_070_svg_w-aspect-ratio-630-630-2\/","alt":"","author":"3","description":"","caption":"","name":"250611_070_svg_w-aspect-ratio-630-630-2","status":"inherit","uploaded_to":7360,"date":"2025-07-08 12:20:15","modified":"2025-07-08 12:20:15","menu_order":0,"mime_type":"image\/jpeg","type":"image","subtype":"jpeg","icon":"https:\/\/klosterherberge-solothurn.ch\/wp\/wp-includes\/images\/media\/default.png","width":1665,"height":1665,"sizes":{"thumbnail":"https:\/\/klosterherberge-solothurn.ch\/app\/uploads\/2025\/07\/250611_070_SvG_w-aspect-ratio-630-630-150x150.jpg","thumbnail-width":150,"thumbnail-height":150,"medium":"https:\/\/klosterherberge-solothurn.ch\/app\/uploads\/2025\/07\/250611_070_SvG_w-aspect-ratio-630-630-300x300.jpg","medium-width":300,"medium-height":300,"medium_large":"https:\/\/klosterherberge-solothurn.ch\/app\/uploads\/2025\/07\/250611_070_SvG_w-aspect-ratio-630-630-768x768.jpg","medium_large-width":768,"medium_large-height":768,"large":"https:\/\/klosterherberge-solothurn.ch\/app\/uploads\/2025\/07\/250611_070_SvG_w-aspect-ratio-630-630-1024x1024.jpg","large-width":1024,"large-height":1024,"1536x1536":"https:\/\/klosterherberge-solothurn.ch\/app\/uploads\/2025\/07\/250611_070_SvG_w-aspect-ratio-630-630-1536x1536.jpg","1536x1536-width":1536,"1536x1536-height":1536,"2048x2048":"https:\/\/klosterherberge-solothurn.ch\/app\/uploads\/2025\/07\/250611_070_SvG_w-aspect-ratio-630-630.jpg","2048x2048-width":1665,"2048x2048-height":1665},"original_image":{"ID":7285,"id":7285,"title":"250611_070_SvG_w","filename":"250611_070_SvG_w.jpg","filesize":452310,"url":"https:\/\/klosterherberge-solothurn.ch\/app\/uploads\/2025\/07\/250611_070_SvG_w.jpg","link":"https:\/\/klosterherberge-solothurn.ch\/fr\/seminare-retreats\/250611_070_svg_w\/","alt":"","author":"3","description":"","caption":"","name":"250611_070_svg_w","status":"inherit","uploaded_to":7283,"date":"2025-07-08 12:20:05","modified":"2025-07-08 12:20:05","menu_order":0,"mime_type":"image\/jpeg","type":"image","subtype":"jpeg","icon":"https:\/\/klosterherberge-solothurn.ch\/wp\/wp-includes\/images\/media\/default.png","width":2500,"height":1665,"sizes":{"thumbnail":"https:\/\/klosterherberge-solothurn.ch\/app\/uploads\/2025\/07\/250611_070_SvG_w-150x150.jpg","thumbnail-width":150,"thumbnail-height":150,"medium":"https:\/\/klosterherberge-solothurn.ch\/app\/uploads\/2025\/07\/250611_070_SvG_w-300x200.jpg","medium-width":300,"medium-height":200,"medium_large":"https:\/\/klosterherberge-solothurn.ch\/app\/uploads\/2025\/07\/250611_070_SvG_w-768x511.jpg","medium_large-width":768,"medium_large-height":511,"large":"https:\/\/klosterherberge-solothurn.ch\/app\/uploads\/2025\/07\/250611_070_SvG_w-1024x682.jpg","large-width":1024,"large-height":682,"1536x1536":"https:\/\/klosterherberge-solothurn.ch\/app\/uploads\/2025\/07\/250611_070_SvG_w-1536x1023.jpg","1536x1536-width":1536,"1536x1536-height":1023,"2048x2048":"https:\/\/klosterherberge-solothurn.ch\/app\/uploads\/2025\/07\/250611_070_SvG_w-2048x1364.jpg","2048x2048-width":2048,"2048x2048-height":1364}}},"image-mobile":{"ID":7293,"id":7293,"title":"250611_070_SvG_w-aspect-ratio-630-756","filename":"250611_070_SvG_w-aspect-ratio-630-756.jpg","filesize":316493,"url":"https:\/\/klosterherberge-solothurn.ch\/app\/uploads\/2025\/07\/250611_070_SvG_w-aspect-ratio-630-756.jpg","link":"https:\/\/klosterherberge-solothurn.ch\/fr\/seminaires-retraites\/250611_070_svg_w-aspect-ratio-630-756-2\/","alt":"","author":"3","description":"","caption":"","name":"250611_070_svg_w-aspect-ratio-630-756-2","status":"inherit","uploaded_to":7360,"date":"2025-07-08 12:20:25","modified":"2025-07-08 12:20:25","menu_order":0,"mime_type":"image\/jpeg","type":"image","subtype":"jpeg","icon":"https:\/\/klosterherberge-solothurn.ch\/wp\/wp-includes\/images\/media\/default.png","width":1387,"height":1665,"sizes":{"thumbnail":"https:\/\/klosterherberge-solothurn.ch\/app\/uploads\/2025\/07\/250611_070_SvG_w-aspect-ratio-630-756-150x150.jpg","thumbnail-width":150,"thumbnail-height":150,"medium":"https:\/\/klosterherberge-solothurn.ch\/app\/uploads\/2025\/07\/250611_070_SvG_w-aspect-ratio-630-756-250x300.jpg","medium-width":250,"medium-height":300,"medium_large":"https:\/\/klosterherberge-solothurn.ch\/app\/uploads\/2025\/07\/250611_070_SvG_w-aspect-ratio-630-756-768x922.jpg","medium_large-width":768,"medium_large-height":922,"large":"https:\/\/klosterherberge-solothurn.ch\/app\/uploads\/2025\/07\/250611_070_SvG_w-aspect-ratio-630-756-853x1024.jpg","large-width":853,"large-height":1024,"1536x1536":"https:\/\/klosterherberge-solothurn.ch\/app\/uploads\/2025\/07\/250611_070_SvG_w-aspect-ratio-630-756-1280x1536.jpg","1536x1536-width":1280,"1536x1536-height":1536,"2048x2048":"https:\/\/klosterherberge-solothurn.ch\/app\/uploads\/2025\/07\/250611_070_SvG_w-aspect-ratio-630-756.jpg","2048x2048-width":1387,"2048x2048-height":1665},"original_image":{"ID":7285,"id":7285,"title":"250611_070_SvG_w","filename":"250611_070_SvG_w.jpg","filesize":452310,"url":"https:\/\/klosterherberge-solothurn.ch\/app\/uploads\/2025\/07\/250611_070_SvG_w.jpg","link":"https:\/\/klosterherberge-solothurn.ch\/fr\/seminare-retreats\/250611_070_svg_w\/","alt":"","author":"3","description":"","caption":"","name":"250611_070_svg_w","status":"inherit","uploaded_to":7283,"date":"2025-07-08 12:20:05","modified":"2025-07-08 12:20:05","menu_order":0,"mime_type":"image\/jpeg","type":"image","subtype":"jpeg","icon":"https:\/\/klosterherberge-solothurn.ch\/wp\/wp-includes\/images\/media\/default.png","width":2500,"height":1665,"sizes":{"thumbnail":"https:\/\/klosterherberge-solothurn.ch\/app\/uploads\/2025\/07\/250611_070_SvG_w-150x150.jpg","thumbnail-width":150,"thumbnail-height":150,"medium":"https:\/\/klosterherberge-solothurn.ch\/app\/uploads\/2025\/07\/250611_070_SvG_w-300x200.jpg","medium-width":300,"medium-height":200,"medium_large":"https:\/\/klosterherberge-solothurn.ch\/app\/uploads\/2025\/07\/250611_070_SvG_w-768x511.jpg","medium_large-width":768,"medium_large-height":511,"large":"https:\/\/klosterherberge-solothurn.ch\/app\/uploads\/2025\/07\/250611_070_SvG_w-1024x682.jpg","large-width":1024,"large-height":682,"1536x1536":"https:\/\/klosterherberge-solothurn.ch\/app\/uploads\/2025\/07\/250611_070_SvG_w-1536x1023.jpg","1536x1536-width":1536,"1536x1536-height":1023,"2048x2048":"https:\/\/klosterherberge-solothurn.ch\/app\/uploads\/2025\/07\/250611_070_SvG_w-2048x1364.jpg","2048x2048-width":2048,"2048x2048-height":1364}}},"show_additional_images":true,"additional_images":[{"image":{"ID":7299,"id":7299,"title":"250611_076_SvG-Pano_w-aspect-ratio-630-630","filename":"250611_076_SvG-Pano_w-aspect-ratio-630-630.jpg","filesize":790769,"url":"https:\/\/klosterherberge-solothurn.ch\/app\/uploads\/2025\/07\/250611_076_SvG-Pano_w-aspect-ratio-630-630.jpg","link":"https:\/\/klosterherberge-solothurn.ch\/fr\/seminaires-retraites\/250611_076_svg-pano_w-aspect-ratio-630-630-2-2\/","alt":"","author":"3","description":"","caption":"","name":"250611_076_svg-pano_w-aspect-ratio-630-630-2-2","status":"inherit","uploaded_to":7360,"date":"2025-07-08 12:20:50","modified":"2025-07-08 12:20:50","menu_order":0,"mime_type":"image\/jpeg","type":"image","subtype":"jpeg","icon":"https:\/\/klosterherberge-solothurn.ch\/wp\/wp-includes\/images\/media\/default.png","width":2137,"height":2137,"sizes":{"thumbnail":"https:\/\/klosterherberge-solothurn.ch\/app\/uploads\/2025\/07\/250611_076_SvG-Pano_w-aspect-ratio-630-630-150x150.jpg","thumbnail-width":150,"thumbnail-height":150,"medium":"https:\/\/klosterherberge-solothurn.ch\/app\/uploads\/2025\/07\/250611_076_SvG-Pano_w-aspect-ratio-630-630-300x300.jpg","medium-width":300,"medium-height":300,"medium_large":"https:\/\/klosterherberge-solothurn.ch\/app\/uploads\/2025\/07\/250611_076_SvG-Pano_w-aspect-ratio-630-630-768x768.jpg","medium_large-width":768,"medium_large-height":768,"large":"https:\/\/klosterherberge-solothurn.ch\/app\/uploads\/2025\/07\/250611_076_SvG-Pano_w-aspect-ratio-630-630-1024x1024.jpg","large-width":1024,"large-height":1024,"1536x1536":"https:\/\/klosterherberge-solothurn.ch\/app\/uploads\/2025\/07\/250611_076_SvG-Pano_w-aspect-ratio-630-630-1536x1536.jpg","1536x1536-width":1536,"1536x1536-height":1536,"2048x2048":"https:\/\/klosterherberge-solothurn.ch\/app\/uploads\/2025\/07\/250611_076_SvG-Pano_w-aspect-ratio-630-630-2048x2048.jpg","2048x2048-width":2048,"2048x2048-height":2048},"original_image":{"ID":7294,"id":7294,"title":"250611_076_SvG-Pano_w","filename":"250611_076_SvG-Pano_w.jpg","filesize":763978,"url":"https:\/\/klosterherberge-solothurn.ch\/app\/uploads\/2025\/07\/250611_076_SvG-Pano_w.jpg","link":"https:\/\/klosterherberge-solothurn.ch\/fr\/seminare-retreats\/250611_076_svg-pano_w-2\/","alt":"","author":"3","description":"","caption":"","name":"250611_076_svg-pano_w-2","status":"inherit","uploaded_to":7283,"date":"2025-07-08 12:20:41","modified":"2025-07-08 12:20:41","menu_order":0,"mime_type":"image\/jpeg","type":"image","subtype":"jpeg","icon":"https:\/\/klosterherberge-solothurn.ch\/wp\/wp-includes\/images\/media\/default.png","width":2500,"height":2137,"sizes":{"thumbnail":"https:\/\/klosterherberge-solothurn.ch\/app\/uploads\/2025\/07\/250611_076_SvG-Pano_w-150x150.jpg","thumbnail-width":150,"thumbnail-height":150,"medium":"https:\/\/klosterherberge-solothurn.ch\/app\/uploads\/2025\/07\/250611_076_SvG-Pano_w-300x256.jpg","medium-width":300,"medium-height":256,"medium_large":"https:\/\/klosterherberge-solothurn.ch\/app\/uploads\/2025\/07\/250611_076_SvG-Pano_w-768x656.jpg","medium_large-width":768,"medium_large-height":656,"large":"https:\/\/klosterherberge-solothurn.ch\/app\/uploads\/2025\/07\/250611_076_SvG-Pano_w-1024x875.jpg","large-width":1024,"large-height":875,"1536x1536":"https:\/\/klosterherberge-solothurn.ch\/app\/uploads\/2025\/07\/250611_076_SvG-Pano_w-1536x1313.jpg","1536x1536-width":1536,"1536x1536-height":1313,"2048x2048":"https:\/\/klosterherberge-solothurn.ch\/app\/uploads\/2025\/07\/250611_076_SvG-Pano_w-2048x1751.jpg","2048x2048-width":2048,"2048x2048-height":1751}}},"image-mobile":{"ID":7302,"id":7302,"title":"250611_076_SvG-Pano_w-aspect-ratio-630-756","filename":"250611_076_SvG-Pano_w-aspect-ratio-630-756.jpg","filesize":620206,"url":"https:\/\/klosterherberge-solothurn.ch\/app\/uploads\/2025\/07\/250611_076_SvG-Pano_w-aspect-ratio-630-756.jpg","link":"https:\/\/klosterherberge-solothurn.ch\/fr\/seminaires-retraites\/250611_076_svg-pano_w-aspect-ratio-630-756-2-2\/","alt":"","author":"3","description":"","caption":"","name":"250611_076_svg-pano_w-aspect-ratio-630-756-2-2","status":"inherit","uploaded_to":7360,"date":"2025-07-08 12:21:00","modified":"2025-07-08 12:21:00","menu_order":0,"mime_type":"image\/jpeg","type":"image","subtype":"jpeg","icon":"https:\/\/klosterherberge-solothurn.ch\/wp\/wp-includes\/images\/media\/default.png","width":1780,"height":2137,"sizes":{"thumbnail":"https:\/\/klosterherberge-solothurn.ch\/app\/uploads\/2025\/07\/250611_076_SvG-Pano_w-aspect-ratio-630-756-150x150.jpg","thumbnail-width":150,"thumbnail-height":150,"medium":"https:\/\/klosterherberge-solothurn.ch\/app\/uploads\/2025\/07\/250611_076_SvG-Pano_w-aspect-ratio-630-756-250x300.jpg","medium-width":250,"medium-height":300,"medium_large":"https:\/\/klosterherberge-solothurn.ch\/app\/uploads\/2025\/07\/250611_076_SvG-Pano_w-aspect-ratio-630-756-768x922.jpg","medium_large-width":768,"medium_large-height":922,"large":"https:\/\/klosterherberge-solothurn.ch\/app\/uploads\/2025\/07\/250611_076_SvG-Pano_w-aspect-ratio-630-756-853x1024.jpg","large-width":853,"large-height":1024,"1536x1536":"https:\/\/klosterherberge-solothurn.ch\/app\/uploads\/2025\/07\/250611_076_SvG-Pano_w-aspect-ratio-630-756-1279x1536.jpg","1536x1536-width":1279,"1536x1536-height":1536,"2048x2048":"https:\/\/klosterherberge-solothurn.ch\/app\/uploads\/2025\/07\/250611_076_SvG-Pano_w-aspect-ratio-630-756-1706x2048.jpg","2048x2048-width":1706,"2048x2048-height":2048},"original_image":{"ID":7294,"id":7294,"title":"250611_076_SvG-Pano_w","filename":"250611_076_SvG-Pano_w.jpg","filesize":763978,"url":"https:\/\/klosterherberge-solothurn.ch\/app\/uploads\/2025\/07\/250611_076_SvG-Pano_w.jpg","link":"https:\/\/klosterherberge-solothurn.ch\/fr\/seminare-retreats\/250611_076_svg-pano_w-2\/","alt":"","author":"3","description":"","caption":"","name":"250611_076_svg-pano_w-2","status":"inherit","uploaded_to":7283,"date":"2025-07-08 12:20:41","modified":"2025-07-08 12:20:41","menu_order":0,"mime_type":"image\/jpeg","type":"image","subtype":"jpeg","icon":"https:\/\/klosterherberge-solothurn.ch\/wp\/wp-includes\/images\/media\/default.png","width":2500,"height":2137,"sizes":{"thumbnail":"https:\/\/klosterherberge-solothurn.ch\/app\/uploads\/2025\/07\/250611_076_SvG-Pano_w-150x150.jpg","thumbnail-width":150,"thumbnail-height":150,"medium":"https:\/\/klosterherberge-solothurn.ch\/app\/uploads\/2025\/07\/250611_076_SvG-Pano_w-300x256.jpg","medium-width":300,"medium-height":256,"medium_large":"https:\/\/klosterherberge-solothurn.ch\/app\/uploads\/2025\/07\/250611_076_SvG-Pano_w-768x656.jpg","medium_large-width":768,"medium_large-height":656,"large":"https:\/\/klosterherberge-solothurn.ch\/app\/uploads\/2025\/07\/250611_076_SvG-Pano_w-1024x875.jpg","large-width":1024,"large-height":875,"1536x1536":"https:\/\/klosterherberge-solothurn.ch\/app\/uploads\/2025\/07\/250611_076_SvG-Pano_w-1536x1313.jpg","1536x1536-width":1536,"1536x1536-height":1313,"2048x2048":"https:\/\/klosterherberge-solothurn.ch\/app\/uploads\/2025\/07\/250611_076_SvG-Pano_w-2048x1751.jpg","2048x2048-width":2048,"2048x2048-height":1751}}}}],"cta-show":false,"cta":{"link":null,"icon":"none"}}}],"home_elements":{"elements":[{"acf_fc_layout":"image-text-teaser","image-text-teaser":{"placement-image":"left","background":"false","":null,"text":"<h2>Un lieu aux multiples facettes<\/h2>\n<p>Vous \u00eates \u00e0 la recherche d&#8217;un lieu appropri\u00e9 pour votre s\u00e9minaire ou votre retraite ? L&#8217;auberge du monast\u00e8re convient parfaitement aux petits s\u00e9minaires ou retraites pouvant accueillir jusqu&#8217;\u00e0 12 personnes. Si vous r\u00e9servez l&#8217;ensemble des six chambres du monast\u00e8re, vous pouvez utiliser en exclusivit\u00e9 le salon ainsi que le jardin pour des groupes de discussion, des brainstormings ou des r\u00e9unions. Nous nous tenons volontiers \u00e0 votre disposition pour de plus amples informations sur l&#8217;infrastructure et les possibilit\u00e9s sur place.<\/p>\n","link":"","image":{"ID":7290,"id":7290,"title":"250611_070_SvG_w-aspect-ratio-630-630","filename":"250611_070_SvG_w-aspect-ratio-630-630.jpg","filesize":370790,"url":"https:\/\/klosterherberge-solothurn.ch\/app\/uploads\/2025\/07\/250611_070_SvG_w-aspect-ratio-630-630.jpg","link":"https:\/\/klosterherberge-solothurn.ch\/fr\/seminaires-retraites\/250611_070_svg_w-aspect-ratio-630-630-2\/","alt":"","author":"3","description":"","caption":"","name":"250611_070_svg_w-aspect-ratio-630-630-2","status":"inherit","uploaded_to":7360,"date":"2025-07-08 12:20:15","modified":"2025-07-08 12:20:15","menu_order":0,"mime_type":"image\/jpeg","type":"image","subtype":"jpeg","icon":"https:\/\/klosterherberge-solothurn.ch\/wp\/wp-includes\/images\/media\/default.png","width":1665,"height":1665,"sizes":{"thumbnail":"https:\/\/klosterherberge-solothurn.ch\/app\/uploads\/2025\/07\/250611_070_SvG_w-aspect-ratio-630-630-150x150.jpg","thumbnail-width":150,"thumbnail-height":150,"medium":"https:\/\/klosterherberge-solothurn.ch\/app\/uploads\/2025\/07\/250611_070_SvG_w-aspect-ratio-630-630-300x300.jpg","medium-width":300,"medium-height":300,"medium_large":"https:\/\/klosterherberge-solothurn.ch\/app\/uploads\/2025\/07\/250611_070_SvG_w-aspect-ratio-630-630-768x768.jpg","medium_large-width":768,"medium_large-height":768,"large":"https:\/\/klosterherberge-solothurn.ch\/app\/uploads\/2025\/07\/250611_070_SvG_w-aspect-ratio-630-630-1024x1024.jpg","large-width":1024,"large-height":1024,"1536x1536":"https:\/\/klosterherberge-solothurn.ch\/app\/uploads\/2025\/07\/250611_070_SvG_w-aspect-ratio-630-630-1536x1536.jpg","1536x1536-width":1536,"1536x1536-height":1536,"2048x2048":"https:\/\/klosterherberge-solothurn.ch\/app\/uploads\/2025\/07\/250611_070_SvG_w-aspect-ratio-630-630.jpg","2048x2048-width":1665,"2048x2048-height":1665},"original_image":{"ID":7285,"id":7285,"title":"250611_070_SvG_w","filename":"250611_070_SvG_w.jpg","filesize":452310,"url":"https:\/\/klosterherberge-solothurn.ch\/app\/uploads\/2025\/07\/250611_070_SvG_w.jpg","link":"https:\/\/klosterherberge-solothurn.ch\/fr\/seminare-retreats\/250611_070_svg_w\/","alt":"","author":"3","description":"","caption":"","name":"250611_070_svg_w","status":"inherit","uploaded_to":7283,"date":"2025-07-08 12:20:05","modified":"2025-07-08 12:20:05","menu_order":0,"mime_type":"image\/jpeg","type":"image","subtype":"jpeg","icon":"https:\/\/klosterherberge-solothurn.ch\/wp\/wp-includes\/images\/media\/default.png","width":2500,"height":1665,"sizes":{"thumbnail":"https:\/\/klosterherberge-solothurn.ch\/app\/uploads\/2025\/07\/250611_070_SvG_w-150x150.jpg","thumbnail-width":150,"thumbnail-height":150,"medium":"https:\/\/klosterherberge-solothurn.ch\/app\/uploads\/2025\/07\/250611_070_SvG_w-300x200.jpg","medium-width":300,"medium-height":200,"medium_large":"https:\/\/klosterherberge-solothurn.ch\/app\/uploads\/2025\/07\/250611_070_SvG_w-768x511.jpg","medium_large-width":768,"medium_large-height":511,"large":"https:\/\/klosterherberge-solothurn.ch\/app\/uploads\/2025\/07\/250611_070_SvG_w-1024x682.jpg","large-width":1024,"large-height":682,"1536x1536":"https:\/\/klosterherberge-solothurn.ch\/app\/uploads\/2025\/07\/250611_070_SvG_w-1536x1023.jpg","1536x1536-width":1536,"1536x1536-height":1023,"2048x2048":"https:\/\/klosterherberge-solothurn.ch\/app\/uploads\/2025\/07\/250611_070_SvG_w-2048x1364.jpg","2048x2048-width":2048,"2048x2048-height":1364}}},"image-mobile":{"ID":7293,"id":7293,"title":"250611_070_SvG_w-aspect-ratio-630-756","filename":"250611_070_SvG_w-aspect-ratio-630-756.jpg","filesize":316493,"url":"https:\/\/klosterherberge-solothurn.ch\/app\/uploads\/2025\/07\/250611_070_SvG_w-aspect-ratio-630-756.jpg","link":"https:\/\/klosterherberge-solothurn.ch\/fr\/seminaires-retraites\/250611_070_svg_w-aspect-ratio-630-756-2\/","alt":"","author":"3","description":"","caption":"","name":"250611_070_svg_w-aspect-ratio-630-756-2","status":"inherit","uploaded_to":7360,"date":"2025-07-08 12:20:25","modified":"2025-07-08 12:20:25","menu_order":0,"mime_type":"image\/jpeg","type":"image","subtype":"jpeg","icon":"https:\/\/klosterherberge-solothurn.ch\/wp\/wp-includes\/images\/media\/default.png","width":1387,"height":1665,"sizes":{"thumbnail":"https:\/\/klosterherberge-solothurn.ch\/app\/uploads\/2025\/07\/250611_070_SvG_w-aspect-ratio-630-756-150x150.jpg","thumbnail-width":150,"thumbnail-height":150,"medium":"https:\/\/klosterherberge-solothurn.ch\/app\/uploads\/2025\/07\/250611_070_SvG_w-aspect-ratio-630-756-250x300.jpg","medium-width":250,"medium-height":300,"medium_large":"https:\/\/klosterherberge-solothurn.ch\/app\/uploads\/2025\/07\/250611_070_SvG_w-aspect-ratio-630-756-768x922.jpg","medium_large-width":768,"medium_large-height":922,"large":"https:\/\/klosterherberge-solothurn.ch\/app\/uploads\/2025\/07\/250611_070_SvG_w-aspect-ratio-630-756-853x1024.jpg","large-width":853,"large-height":1024,"1536x1536":"https:\/\/klosterherberge-solothurn.ch\/app\/uploads\/2025\/07\/250611_070_SvG_w-aspect-ratio-630-756-1280x1536.jpg","1536x1536-width":1280,"1536x1536-height":1536,"2048x2048":"https:\/\/klosterherberge-solothurn.ch\/app\/uploads\/2025\/07\/250611_070_SvG_w-aspect-ratio-630-756.jpg","2048x2048-width":1387,"2048x2048-height":1665},"original_image":{"ID":7285,"id":7285,"title":"250611_070_SvG_w","filename":"250611_070_SvG_w.jpg","filesize":452310,"url":"https:\/\/klosterherberge-solothurn.ch\/app\/uploads\/2025\/07\/250611_070_SvG_w.jpg","link":"https:\/\/klosterherberge-solothurn.ch\/fr\/seminare-retreats\/250611_070_svg_w\/","alt":"","author":"3","description":"","caption":"","name":"250611_070_svg_w","status":"inherit","uploaded_to":7283,"date":"2025-07-08 12:20:05","modified":"2025-07-08 12:20:05","menu_order":0,"mime_type":"image\/jpeg","type":"image","subtype":"jpeg","icon":"https:\/\/klosterherberge-solothurn.ch\/wp\/wp-includes\/images\/media\/default.png","width":2500,"height":1665,"sizes":{"thumbnail":"https:\/\/klosterherberge-solothurn.ch\/app\/uploads\/2025\/07\/250611_070_SvG_w-150x150.jpg","thumbnail-width":150,"thumbnail-height":150,"medium":"https:\/\/klosterherberge-solothurn.ch\/app\/uploads\/2025\/07\/250611_070_SvG_w-300x200.jpg","medium-width":300,"medium-height":200,"medium_large":"https:\/\/klosterherberge-solothurn.ch\/app\/uploads\/2025\/07\/250611_070_SvG_w-768x511.jpg","medium_large-width":768,"medium_large-height":511,"large":"https:\/\/klosterherberge-solothurn.ch\/app\/uploads\/2025\/07\/250611_070_SvG_w-1024x682.jpg","large-width":1024,"large-height":682,"1536x1536":"https:\/\/klosterherberge-solothurn.ch\/app\/uploads\/2025\/07\/250611_070_SvG_w-1536x1023.jpg","1536x1536-width":1536,"1536x1536-height":1023,"2048x2048":"https:\/\/klosterherberge-solothurn.ch\/app\/uploads\/2025\/07\/250611_070_SvG_w-2048x1364.jpg","2048x2048-width":2048,"2048x2048-height":1364}}},"show_additional_images":true,"additional_images":[{"image":{"ID":7299,"id":7299,"title":"250611_076_SvG-Pano_w-aspect-ratio-630-630","filename":"250611_076_SvG-Pano_w-aspect-ratio-630-630.jpg","filesize":790769,"url":"https:\/\/klosterherberge-solothurn.ch\/app\/uploads\/2025\/07\/250611_076_SvG-Pano_w-aspect-ratio-630-630.jpg","link":"https:\/\/klosterherberge-solothurn.ch\/fr\/seminaires-retraites\/250611_076_svg-pano_w-aspect-ratio-630-630-2-2\/","alt":"","author":"3","description":"","caption":"","name":"250611_076_svg-pano_w-aspect-ratio-630-630-2-2","status":"inherit","uploaded_to":7360,"date":"2025-07-08 12:20:50","modified":"2025-07-08 12:20:50","menu_order":0,"mime_type":"image\/jpeg","type":"image","subtype":"jpeg","icon":"https:\/\/klosterherberge-solothurn.ch\/wp\/wp-includes\/images\/media\/default.png","width":2137,"height":2137,"sizes":{"thumbnail":"https:\/\/klosterherberge-solothurn.ch\/app\/uploads\/2025\/07\/250611_076_SvG-Pano_w-aspect-ratio-630-630-150x150.jpg","thumbnail-width":150,"thumbnail-height":150,"medium":"https:\/\/klosterherberge-solothurn.ch\/app\/uploads\/2025\/07\/250611_076_SvG-Pano_w-aspect-ratio-630-630-300x300.jpg","medium-width":300,"medium-height":300,"medium_large":"https:\/\/klosterherberge-solothurn.ch\/app\/uploads\/2025\/07\/250611_076_SvG-Pano_w-aspect-ratio-630-630-768x768.jpg","medium_large-width":768,"medium_large-height":768,"large":"https:\/\/klosterherberge-solothurn.ch\/app\/uploads\/2025\/07\/250611_076_SvG-Pano_w-aspect-ratio-630-630-1024x1024.jpg","large-width":1024,"large-height":1024,"1536x1536":"https:\/\/klosterherberge-solothurn.ch\/app\/uploads\/2025\/07\/250611_076_SvG-Pano_w-aspect-ratio-630-630-1536x1536.jpg","1536x1536-width":1536,"1536x1536-height":1536,"2048x2048":"https:\/\/klosterherberge-solothurn.ch\/app\/uploads\/2025\/07\/250611_076_SvG-Pano_w-aspect-ratio-630-630-2048x2048.jpg","2048x2048-width":2048,"2048x2048-height":2048},"original_image":{"ID":7294,"id":7294,"title":"250611_076_SvG-Pano_w","filename":"250611_076_SvG-Pano_w.jpg","filesize":763978,"url":"https:\/\/klosterherberge-solothurn.ch\/app\/uploads\/2025\/07\/250611_076_SvG-Pano_w.jpg","link":"https:\/\/klosterherberge-solothurn.ch\/fr\/seminare-retreats\/250611_076_svg-pano_w-2\/","alt":"","author":"3","description":"","caption":"","name":"250611_076_svg-pano_w-2","status":"inherit","uploaded_to":7283,"date":"2025-07-08 12:20:41","modified":"2025-07-08 12:20:41","menu_order":0,"mime_type":"image\/jpeg","type":"image","subtype":"jpeg","icon":"https:\/\/klosterherberge-solothurn.ch\/wp\/wp-includes\/images\/media\/default.png","width":2500,"height":2137,"sizes":{"thumbnail":"https:\/\/klosterherberge-solothurn.ch\/app\/uploads\/2025\/07\/250611_076_SvG-Pano_w-150x150.jpg","thumbnail-width":150,"thumbnail-height":150,"medium":"https:\/\/klosterherberge-solothurn.ch\/app\/uploads\/2025\/07\/250611_076_SvG-Pano_w-300x256.jpg","medium-width":300,"medium-height":256,"medium_large":"https:\/\/klosterherberge-solothurn.ch\/app\/uploads\/2025\/07\/250611_076_SvG-Pano_w-768x656.jpg","medium_large-width":768,"medium_large-height":656,"large":"https:\/\/klosterherberge-solothurn.ch\/app\/uploads\/2025\/07\/250611_076_SvG-Pano_w-1024x875.jpg","large-width":1024,"large-height":875,"1536x1536":"https:\/\/klosterherberge-solothurn.ch\/app\/uploads\/2025\/07\/250611_076_SvG-Pano_w-1536x1313.jpg","1536x1536-width":1536,"1536x1536-height":1313,"2048x2048":"https:\/\/klosterherberge-solothurn.ch\/app\/uploads\/2025\/07\/250611_076_SvG-Pano_w-2048x1751.jpg","2048x2048-width":2048,"2048x2048-height":1751}}},"image-mobile":{"ID":7302,"id":7302,"title":"250611_076_SvG-Pano_w-aspect-ratio-630-756","filename":"250611_076_SvG-Pano_w-aspect-ratio-630-756.jpg","filesize":620206,"url":"https:\/\/klosterherberge-solothurn.ch\/app\/uploads\/2025\/07\/250611_076_SvG-Pano_w-aspect-ratio-630-756.jpg","link":"https:\/\/klosterherberge-solothurn.ch\/fr\/seminaires-retraites\/250611_076_svg-pano_w-aspect-ratio-630-756-2-2\/","alt":"","author":"3","description":"","caption":"","name":"250611_076_svg-pano_w-aspect-ratio-630-756-2-2","status":"inherit","uploaded_to":7360,"date":"2025-07-08 12:21:00","modified":"2025-07-08 12:21:00","menu_order":0,"mime_type":"image\/jpeg","type":"image","subtype":"jpeg","icon":"https:\/\/klosterherberge-solothurn.ch\/wp\/wp-includes\/images\/media\/default.png","width":1780,"height":2137,"sizes":{"thumbnail":"https:\/\/klosterherberge-solothurn.ch\/app\/uploads\/2025\/07\/250611_076_SvG-Pano_w-aspect-ratio-630-756-150x150.jpg","thumbnail-width":150,"thumbnail-height":150,"medium":"https:\/\/klosterherberge-solothurn.ch\/app\/uploads\/2025\/07\/250611_076_SvG-Pano_w-aspect-ratio-630-756-250x300.jpg","medium-width":250,"medium-height":300,"medium_large":"https:\/\/klosterherberge-solothurn.ch\/app\/uploads\/2025\/07\/250611_076_SvG-Pano_w-aspect-ratio-630-756-768x922.jpg","medium_large-width":768,"medium_large-height":922,"large":"https:\/\/klosterherberge-solothurn.ch\/app\/uploads\/2025\/07\/250611_076_SvG-Pano_w-aspect-ratio-630-756-853x1024.jpg","large-width":853,"large-height":1024,"1536x1536":"https:\/\/klosterherberge-solothurn.ch\/app\/uploads\/2025\/07\/250611_076_SvG-Pano_w-aspect-ratio-630-756-1279x1536.jpg","1536x1536-width":1279,"1536x1536-height":1536,"2048x2048":"https:\/\/klosterherberge-solothurn.ch\/app\/uploads\/2025\/07\/250611_076_SvG-Pano_w-aspect-ratio-630-756-1706x2048.jpg","2048x2048-width":1706,"2048x2048-height":2048},"original_image":{"ID":7294,"id":7294,"title":"250611_076_SvG-Pano_w","filename":"250611_076_SvG-Pano_w.jpg","filesize":763978,"url":"https:\/\/klosterherberge-solothurn.ch\/app\/uploads\/2025\/07\/250611_076_SvG-Pano_w.jpg","link":"https:\/\/klosterherberge-solothurn.ch\/fr\/seminare-retreats\/250611_076_svg-pano_w-2\/","alt":"","author":"3","description":"","caption":"","name":"250611_076_svg-pano_w-2","status":"inherit","uploaded_to":7283,"date":"2025-07-08 12:20:41","modified":"2025-07-08 12:20:41","menu_order":0,"mime_type":"image\/jpeg","type":"image","subtype":"jpeg","icon":"https:\/\/klosterherberge-solothurn.ch\/wp\/wp-includes\/images\/media\/default.png","width":2500,"height":2137,"sizes":{"thumbnail":"https:\/\/klosterherberge-solothurn.ch\/app\/uploads\/2025\/07\/250611_076_SvG-Pano_w-150x150.jpg","thumbnail-width":150,"thumbnail-height":150,"medium":"https:\/\/klosterherberge-solothurn.ch\/app\/uploads\/2025\/07\/250611_076_SvG-Pano_w-300x256.jpg","medium-width":300,"medium-height":256,"medium_large":"https:\/\/klosterherberge-solothurn.ch\/app\/uploads\/2025\/07\/250611_076_SvG-Pano_w-768x656.jpg","medium_large-width":768,"medium_large-height":656,"large":"https:\/\/klosterherberge-solothurn.ch\/app\/uploads\/2025\/07\/250611_076_SvG-Pano_w-1024x875.jpg","large-width":1024,"large-height":875,"1536x1536":"https:\/\/klosterherberge-solothurn.ch\/app\/uploads\/2025\/07\/250611_076_SvG-Pano_w-1536x1313.jpg","1536x1536-width":1536,"1536x1536-height":1313,"2048x2048":"https:\/\/klosterherberge-solothurn.ch\/app\/uploads\/2025\/07\/250611_076_SvG-Pano_w-2048x1751.jpg","2048x2048-width":2048,"2048x2048-height":1751}}}}],"cta-show":false,"cta":{"link":null,"icon":"none"}}}]},"seo":{"active":true,"title":"","text":"","image":false,"keywords":""},"scripts-page":""},"_links":{"self":[{"href":"https:\/\/klosterherberge-solothurn.ch\/fr\/wp-json\/wp\/v2\/pages\/7360","targetHints":{"allow":["GET"]}}],"collection":[{"href":"https:\/\/klosterherberge-solothurn.ch\/fr\/wp-json\/wp\/v2\/pages"}],"about":[{"href":"https:\/\/klosterherberge-solothurn.ch\/fr\/wp-json\/wp\/v2\/types\/page"}],"author":[{"embeddable":true,"href":"https:\/\/klosterherberge-solothurn.ch\/fr\/wp-json\/wp\/v2\/users\/3"}],"replies":[{"embeddable":true,"href":"https:\/\/klosterherberge-solothurn.ch\/fr\/wp-json\/wp\/v2\/comments?post=7360"}],"version-history":[{"count":1,"href":"https:\/\/klosterherberge-solothurn.ch\/fr\/wp-json\/wp\/v2\/pages\/7360\/revisions"}],"predecessor-version":[{"id":7361,"href":"https:\/\/klosterherberge-solothurn.ch\/fr\/wp-json\/wp\/v2\/pages\/7360\/revisions\/7361"}],"wp:attachment":[{"href":"https:\/\/klosterherberge-solothurn.ch\/fr\/wp-json\/wp\/v2\/media?parent=7360"}],"curies":[{"name":"wp","href":"https:\/\/api.w.org\/{rel}","templated":true}]}}