{"id":7341,"date":"2025-07-08T12:16:01","date_gmt":"2025-07-08T12:16:01","guid":{"rendered":"https:\/\/klosterherberge-solothurn.ch\/fahrraeder\/"},"modified":"2025-07-14T14:28:20","modified_gmt":"2025-07-14T14:28:20","slug":"velos","status":"publish","type":"page","link":"https:\/\/klosterherberge-solothurn.ch\/fr\/velos\/","title":{"rendered":"V\u00e9los"},"content":{"rendered":"","protected":false},"excerpt":{"rendered":"","protected":false},"author":3,"featured_media":0,"parent":0,"menu_order":45,"comment_status":"closed","ping_status":"closed","template":"views\/template-custom.blade.php","meta":{"_acf_changed":false,"inline_featured_image":false},"class_list":["post-7341","page","type-page","status-publish","hentry"],"acf":{"text-header":{"text":"<h1 style=\"text-align: center;\">V\u00e9los<\/h1>\n<p class=\"lead\" style=\"text-align: center;\">\n"},"text_header":{"text-header":{"text":"<h1 style=\"text-align: center;\">V\u00e9los<\/h1>\n<p class=\"lead\" style=\"text-align: center;\">\n"}},"elements":[{"acf_fc_layout":"image-text-teaser","image-text-teaser":{"placement-image":"left","background":"false","":null,"text":"<h2>V\u00e9los en libre-service<\/h2>\n<p>L&#8217;auberge du monast\u00e8re dispose de huit v\u00e9los en libre-service. Que ce soit pour une sortie en ville, un tour \u00e0 v\u00e9lo le long de l&#8217;Aar ou pour le trajet jusqu&#8217;au petit-d\u00e9jeuner \u00e0 l&#8217;h\u00f4tel Baseltor.<\/p>\n<p>Des prises \u00e9lectriques sont \u00e9galement disponibles pour vos v\u00e9los \u00e9lectriques personnels.<\/p>\n","link":"","image":{"ID":7276,"id":7276,"title":"250611_125_SvG_w-aspect-ratio-630-630","filename":"250611_125_SvG_w-aspect-ratio-630-630-3.jpg","filesize":673473,"url":"https:\/\/klosterherberge-solothurn.ch\/app\/uploads\/2025\/07\/250611_125_SvG_w-aspect-ratio-630-630-3.jpg","link":"https:\/\/klosterherberge-solothurn.ch\/fr\/velos\/250611_125_svg_w-aspect-ratio-630-630-2-2\/","alt":"","author":"3","description":"","caption":"","name":"250611_125_svg_w-aspect-ratio-630-630-2-2","status":"inherit","uploaded_to":7341,"date":"2025-07-08 12:15:23","modified":"2025-07-08 12:15:23","menu_order":0,"mime_type":"image\/jpeg","type":"image","subtype":"jpeg","icon":"https:\/\/klosterherberge-solothurn.ch\/wp\/wp-includes\/images\/media\/default.png","width":1667,"height":1667,"sizes":{"thumbnail":"https:\/\/klosterherberge-solothurn.ch\/app\/uploads\/2025\/07\/250611_125_SvG_w-aspect-ratio-630-630-3-150x150.jpg","thumbnail-width":150,"thumbnail-height":150,"medium":"https:\/\/klosterherberge-solothurn.ch\/app\/uploads\/2025\/07\/250611_125_SvG_w-aspect-ratio-630-630-3-300x300.jpg","medium-width":300,"medium-height":300,"medium_large":"https:\/\/klosterherberge-solothurn.ch\/app\/uploads\/2025\/07\/250611_125_SvG_w-aspect-ratio-630-630-3-768x768.jpg","medium_large-width":768,"medium_large-height":768,"large":"https:\/\/klosterherberge-solothurn.ch\/app\/uploads\/2025\/07\/250611_125_SvG_w-aspect-ratio-630-630-3-1024x1024.jpg","large-width":1024,"large-height":1024,"1536x1536":"https:\/\/klosterherberge-solothurn.ch\/app\/uploads\/2025\/07\/250611_125_SvG_w-aspect-ratio-630-630-3-1536x1536.jpg","1536x1536-width":1536,"1536x1536-height":1536,"2048x2048":"https:\/\/klosterherberge-solothurn.ch\/app\/uploads\/2025\/07\/250611_125_SvG_w-aspect-ratio-630-630-3.jpg","2048x2048-width":1667,"2048x2048-height":1667},"original_image":{"ID":7146,"id":7146,"title":"250611_125_SvG_w","filename":"250611_125_SvG_w.jpg","filesize":758166,"url":"https:\/\/klosterherberge-solothurn.ch\/app\/uploads\/2025\/07\/250611_125_SvG_w.jpg","link":"https:\/\/klosterherberge-solothurn.ch\/fr\/gut-zu-wissen\/250611_125_svg_w\/","alt":"","author":"3","description":"","caption":"","name":"250611_125_svg_w","status":"inherit","uploaded_to":5781,"date":"2025-07-08 11:14:25","modified":"2025-07-08 11:14:25","menu_order":0,"mime_type":"image\/jpeg","type":"image","subtype":"jpeg","icon":"https:\/\/klosterherberge-solothurn.ch\/wp\/wp-includes\/images\/media\/default.png","width":1667,"height":2500,"sizes":{"thumbnail":"https:\/\/klosterherberge-solothurn.ch\/app\/uploads\/2025\/07\/250611_125_SvG_w-150x150.jpg","thumbnail-width":150,"thumbnail-height":150,"medium":"https:\/\/klosterherberge-solothurn.ch\/app\/uploads\/2025\/07\/250611_125_SvG_w-200x300.jpg","medium-width":200,"medium-height":300,"medium_large":"https:\/\/klosterherberge-solothurn.ch\/app\/uploads\/2025\/07\/250611_125_SvG_w-768x1152.jpg","medium_large-width":768,"medium_large-height":1152,"large":"https:\/\/klosterherberge-solothurn.ch\/app\/uploads\/2025\/07\/250611_125_SvG_w-683x1024.jpg","large-width":683,"large-height":1024,"1536x1536":"https:\/\/klosterherberge-solothurn.ch\/app\/uploads\/2025\/07\/250611_125_SvG_w-1024x1536.jpg","1536x1536-width":1024,"1536x1536-height":1536,"2048x2048":"https:\/\/klosterherberge-solothurn.ch\/app\/uploads\/2025\/07\/250611_125_SvG_w-1366x2048.jpg","2048x2048-width":1366,"2048x2048-height":2048}}},"image-mobile":{"ID":7279,"id":7279,"title":"250611_125_SvG_w-aspect-ratio-630-756","filename":"250611_125_SvG_w-aspect-ratio-630-756-3.jpg","filesize":701648,"url":"https:\/\/klosterherberge-solothurn.ch\/app\/uploads\/2025\/07\/250611_125_SvG_w-aspect-ratio-630-756-3.jpg","link":"https:\/\/klosterherberge-solothurn.ch\/fr\/velos\/250611_125_svg_w-aspect-ratio-630-756-2-2\/","alt":"","author":"3","description":"","caption":"","name":"250611_125_svg_w-aspect-ratio-630-756-2-2","status":"inherit","uploaded_to":7341,"date":"2025-07-08 12:15:33","modified":"2025-07-08 12:15:33","menu_order":0,"mime_type":"image\/jpeg","type":"image","subtype":"jpeg","icon":"https:\/\/klosterherberge-solothurn.ch\/wp\/wp-includes\/images\/media\/default.png","width":1667,"height":2001,"sizes":{"thumbnail":"https:\/\/klosterherberge-solothurn.ch\/app\/uploads\/2025\/07\/250611_125_SvG_w-aspect-ratio-630-756-3-150x150.jpg","thumbnail-width":150,"thumbnail-height":150,"medium":"https:\/\/klosterherberge-solothurn.ch\/app\/uploads\/2025\/07\/250611_125_SvG_w-aspect-ratio-630-756-3-250x300.jpg","medium-width":250,"medium-height":300,"medium_large":"https:\/\/klosterherberge-solothurn.ch\/app\/uploads\/2025\/07\/250611_125_SvG_w-aspect-ratio-630-756-3-768x922.jpg","medium_large-width":768,"medium_large-height":922,"large":"https:\/\/klosterherberge-solothurn.ch\/app\/uploads\/2025\/07\/250611_125_SvG_w-aspect-ratio-630-756-3-853x1024.jpg","large-width":853,"large-height":1024,"1536x1536":"https:\/\/klosterherberge-solothurn.ch\/app\/uploads\/2025\/07\/250611_125_SvG_w-aspect-ratio-630-756-3-1280x1536.jpg","1536x1536-width":1280,"1536x1536-height":1536,"2048x2048":"https:\/\/klosterherberge-solothurn.ch\/app\/uploads\/2025\/07\/250611_125_SvG_w-aspect-ratio-630-756-3.jpg","2048x2048-width":1667,"2048x2048-height":2001},"original_image":{"ID":7146,"id":7146,"title":"250611_125_SvG_w","filename":"250611_125_SvG_w.jpg","filesize":758166,"url":"https:\/\/klosterherberge-solothurn.ch\/app\/uploads\/2025\/07\/250611_125_SvG_w.jpg","link":"https:\/\/klosterherberge-solothurn.ch\/fr\/gut-zu-wissen\/250611_125_svg_w\/","alt":"","author":"3","description":"","caption":"","name":"250611_125_svg_w","status":"inherit","uploaded_to":5781,"date":"2025-07-08 11:14:25","modified":"2025-07-08 11:14:25","menu_order":0,"mime_type":"image\/jpeg","type":"image","subtype":"jpeg","icon":"https:\/\/klosterherberge-solothurn.ch\/wp\/wp-includes\/images\/media\/default.png","width":1667,"height":2500,"sizes":{"thumbnail":"https:\/\/klosterherberge-solothurn.ch\/app\/uploads\/2025\/07\/250611_125_SvG_w-150x150.jpg","thumbnail-width":150,"thumbnail-height":150,"medium":"https:\/\/klosterherberge-solothurn.ch\/app\/uploads\/2025\/07\/250611_125_SvG_w-200x300.jpg","medium-width":200,"medium-height":300,"medium_large":"https:\/\/klosterherberge-solothurn.ch\/app\/uploads\/2025\/07\/250611_125_SvG_w-768x1152.jpg","medium_large-width":768,"medium_large-height":1152,"large":"https:\/\/klosterherberge-solothurn.ch\/app\/uploads\/2025\/07\/250611_125_SvG_w-683x1024.jpg","large-width":683,"large-height":1024,"1536x1536":"https:\/\/klosterherberge-solothurn.ch\/app\/uploads\/2025\/07\/250611_125_SvG_w-1024x1536.jpg","1536x1536-width":1024,"1536x1536-height":1536,"2048x2048":"https:\/\/klosterherberge-solothurn.ch\/app\/uploads\/2025\/07\/250611_125_SvG_w-1366x2048.jpg","2048x2048-width":1366,"2048x2048-height":2048}}},"show_additional_images":false,"additional_images":[{"image":{"ID":6975,"id":6975,"title":"250611_280_SvG-HDR-Pano_w-aspect-ratio-630-630","filename":"250611_280_SvG-HDR-Pano_w-aspect-ratio-630-630.jpg","filesize":510628,"url":"https:\/\/klosterherberge-solothurn.ch\/app\/uploads\/2025\/06\/250611_280_SvG-HDR-Pano_w-aspect-ratio-630-630.jpg","link":"https:\/\/klosterherberge-solothurn.ch\/fr\/chambres-du-couvent\/250611_280_svg-hdr-pano_w-aspect-ratio-630-630-2\/","alt":"","author":"3","description":"","caption":"","name":"250611_280_svg-hdr-pano_w-aspect-ratio-630-630-2","status":"inherit","uploaded_to":7423,"date":"2025-06-30 12:57:21","modified":"2025-06-30 12:57:21","menu_order":0,"mime_type":"image\/jpeg","type":"image","subtype":"jpeg","icon":"https:\/\/klosterherberge-solothurn.ch\/wp\/wp-includes\/images\/media\/default.png","width":2058,"height":2058,"sizes":{"thumbnail":"https:\/\/klosterherberge-solothurn.ch\/app\/uploads\/2025\/06\/250611_280_SvG-HDR-Pano_w-aspect-ratio-630-630-150x150.jpg","thumbnail-width":150,"thumbnail-height":150,"medium":"https:\/\/klosterherberge-solothurn.ch\/app\/uploads\/2025\/06\/250611_280_SvG-HDR-Pano_w-aspect-ratio-630-630-300x300.jpg","medium-width":300,"medium-height":300,"medium_large":"https:\/\/klosterherberge-solothurn.ch\/app\/uploads\/2025\/06\/250611_280_SvG-HDR-Pano_w-aspect-ratio-630-630-768x768.jpg","medium_large-width":768,"medium_large-height":768,"large":"https:\/\/klosterherberge-solothurn.ch\/app\/uploads\/2025\/06\/250611_280_SvG-HDR-Pano_w-aspect-ratio-630-630-1024x1024.jpg","large-width":1024,"large-height":1024,"1536x1536":"https:\/\/klosterherberge-solothurn.ch\/app\/uploads\/2025\/06\/250611_280_SvG-HDR-Pano_w-aspect-ratio-630-630-1536x1536.jpg","1536x1536-width":1536,"1536x1536-height":1536,"2048x2048":"https:\/\/klosterherberge-solothurn.ch\/app\/uploads\/2025\/06\/250611_280_SvG-HDR-Pano_w-aspect-ratio-630-630-2048x2048.jpg","2048x2048-width":2048,"2048x2048-height":2048},"original_image":{"ID":6970,"id":6970,"title":"250611_280_SvG-HDR-Pano_w","filename":"250611_280_SvG-HDR-Pano_w.jpg","filesize":492846,"url":"https:\/\/klosterherberge-solothurn.ch\/app\/uploads\/2025\/06\/250611_280_SvG-HDR-Pano_w.jpg","link":"https:\/\/klosterherberge-solothurn.ch\/fr\/klosterzimmer\/250611_280_svg-hdr-pano_w\/","alt":"","author":"3","description":"","caption":"","name":"250611_280_svg-hdr-pano_w","status":"inherit","uploaded_to":6493,"date":"2025-06-30 12:57:09","modified":"2025-06-30 12:57:09","menu_order":0,"mime_type":"image\/jpeg","type":"image","subtype":"jpeg","icon":"https:\/\/klosterherberge-solothurn.ch\/wp\/wp-includes\/images\/media\/default.png","width":2500,"height":2058,"sizes":{"thumbnail":"https:\/\/klosterherberge-solothurn.ch\/app\/uploads\/2025\/06\/250611_280_SvG-HDR-Pano_w-150x150.jpg","thumbnail-width":150,"thumbnail-height":150,"medium":"https:\/\/klosterherberge-solothurn.ch\/app\/uploads\/2025\/06\/250611_280_SvG-HDR-Pano_w-300x247.jpg","medium-width":300,"medium-height":247,"medium_large":"https:\/\/klosterherberge-solothurn.ch\/app\/uploads\/2025\/06\/250611_280_SvG-HDR-Pano_w-768x632.jpg","medium_large-width":768,"medium_large-height":632,"large":"https:\/\/klosterherberge-solothurn.ch\/app\/uploads\/2025\/06\/250611_280_SvG-HDR-Pano_w-1024x843.jpg","large-width":1024,"large-height":843,"1536x1536":"https:\/\/klosterherberge-solothurn.ch\/app\/uploads\/2025\/06\/250611_280_SvG-HDR-Pano_w-1536x1264.jpg","1536x1536-width":1536,"1536x1536-height":1264,"2048x2048":"https:\/\/klosterherberge-solothurn.ch\/app\/uploads\/2025\/06\/250611_280_SvG-HDR-Pano_w-2048x1686.jpg","2048x2048-width":2048,"2048x2048-height":1686}}},"image-mobile":{"ID":6978,"id":6978,"title":"250611_280_SvG-HDR-Pano_w-aspect-ratio-630-756","filename":"250611_280_SvG-HDR-Pano_w-aspect-ratio-630-756.jpg","filesize":456707,"url":"https:\/\/klosterherberge-solothurn.ch\/app\/uploads\/2025\/06\/250611_280_SvG-HDR-Pano_w-aspect-ratio-630-756.jpg","link":"https:\/\/klosterherberge-solothurn.ch\/fr\/chambres-du-couvent\/250611_280_svg-hdr-pano_w-aspect-ratio-630-756-2\/","alt":"","author":"3","description":"","caption":"","name":"250611_280_svg-hdr-pano_w-aspect-ratio-630-756-2","status":"inherit","uploaded_to":7423,"date":"2025-06-30 12:57:36","modified":"2025-06-30 12:57:36","menu_order":0,"mime_type":"image\/jpeg","type":"image","subtype":"jpeg","icon":"https:\/\/klosterherberge-solothurn.ch\/wp\/wp-includes\/images\/media\/default.png","width":1715,"height":2058,"sizes":{"thumbnail":"https:\/\/klosterherberge-solothurn.ch\/app\/uploads\/2025\/06\/250611_280_SvG-HDR-Pano_w-aspect-ratio-630-756-150x150.jpg","thumbnail-width":150,"thumbnail-height":150,"medium":"https:\/\/klosterherberge-solothurn.ch\/app\/uploads\/2025\/06\/250611_280_SvG-HDR-Pano_w-aspect-ratio-630-756-250x300.jpg","medium-width":250,"medium-height":300,"medium_large":"https:\/\/klosterherberge-solothurn.ch\/app\/uploads\/2025\/06\/250611_280_SvG-HDR-Pano_w-aspect-ratio-630-756-768x922.jpg","medium_large-width":768,"medium_large-height":922,"large":"https:\/\/klosterherberge-solothurn.ch\/app\/uploads\/2025\/06\/250611_280_SvG-HDR-Pano_w-aspect-ratio-630-756-853x1024.jpg","large-width":853,"large-height":1024,"1536x1536":"https:\/\/klosterherberge-solothurn.ch\/app\/uploads\/2025\/06\/250611_280_SvG-HDR-Pano_w-aspect-ratio-630-756-1280x1536.jpg","1536x1536-width":1280,"1536x1536-height":1536,"2048x2048":"https:\/\/klosterherberge-solothurn.ch\/app\/uploads\/2025\/06\/250611_280_SvG-HDR-Pano_w-aspect-ratio-630-756-1707x2048.jpg","2048x2048-width":1707,"2048x2048-height":2048},"original_image":{"ID":6970,"id":6970,"title":"250611_280_SvG-HDR-Pano_w","filename":"250611_280_SvG-HDR-Pano_w.jpg","filesize":492846,"url":"https:\/\/klosterherberge-solothurn.ch\/app\/uploads\/2025\/06\/250611_280_SvG-HDR-Pano_w.jpg","link":"https:\/\/klosterherberge-solothurn.ch\/fr\/klosterzimmer\/250611_280_svg-hdr-pano_w\/","alt":"","author":"3","description":"","caption":"","name":"250611_280_svg-hdr-pano_w","status":"inherit","uploaded_to":6493,"date":"2025-06-30 12:57:09","modified":"2025-06-30 12:57:09","menu_order":0,"mime_type":"image\/jpeg","type":"image","subtype":"jpeg","icon":"https:\/\/klosterherberge-solothurn.ch\/wp\/wp-includes\/images\/media\/default.png","width":2500,"height":2058,"sizes":{"thumbnail":"https:\/\/klosterherberge-solothurn.ch\/app\/uploads\/2025\/06\/250611_280_SvG-HDR-Pano_w-150x150.jpg","thumbnail-width":150,"thumbnail-height":150,"medium":"https:\/\/klosterherberge-solothurn.ch\/app\/uploads\/2025\/06\/250611_280_SvG-HDR-Pano_w-300x247.jpg","medium-width":300,"medium-height":247,"medium_large":"https:\/\/klosterherberge-solothurn.ch\/app\/uploads\/2025\/06\/250611_280_SvG-HDR-Pano_w-768x632.jpg","medium_large-width":768,"medium_large-height":632,"large":"https:\/\/klosterherberge-solothurn.ch\/app\/uploads\/2025\/06\/250611_280_SvG-HDR-Pano_w-1024x843.jpg","large-width":1024,"large-height":843,"1536x1536":"https:\/\/klosterherberge-solothurn.ch\/app\/uploads\/2025\/06\/250611_280_SvG-HDR-Pano_w-1536x1264.jpg","1536x1536-width":1536,"1536x1536-height":1264,"2048x2048":"https:\/\/klosterherberge-solothurn.ch\/app\/uploads\/2025\/06\/250611_280_SvG-HDR-Pano_w-2048x1686.jpg","2048x2048-width":2048,"2048x2048-height":1686}}}}],"cta-show":false,"cta":{"link":null,"icon":"none"}}}],"home_elements":{"elements":[{"acf_fc_layout":"image-text-teaser","image-text-teaser":{"placement-image":"left","background":"false","":null,"text":"<h2>V\u00e9los en libre-service<\/h2>\n<p>L&#8217;auberge du monast\u00e8re dispose de huit v\u00e9los en libre-service. Que ce soit pour une sortie en ville, un tour \u00e0 v\u00e9lo le long de l&#8217;Aar ou pour le trajet jusqu&#8217;au petit-d\u00e9jeuner \u00e0 l&#8217;h\u00f4tel Baseltor.<\/p>\n<p>Des prises \u00e9lectriques sont \u00e9galement disponibles pour vos v\u00e9los \u00e9lectriques personnels.<\/p>\n","link":"","image":{"ID":7276,"id":7276,"title":"250611_125_SvG_w-aspect-ratio-630-630","filename":"250611_125_SvG_w-aspect-ratio-630-630-3.jpg","filesize":673473,"url":"https:\/\/klosterherberge-solothurn.ch\/app\/uploads\/2025\/07\/250611_125_SvG_w-aspect-ratio-630-630-3.jpg","link":"https:\/\/klosterherberge-solothurn.ch\/fr\/velos\/250611_125_svg_w-aspect-ratio-630-630-2-2\/","alt":"","author":"3","description":"","caption":"","name":"250611_125_svg_w-aspect-ratio-630-630-2-2","status":"inherit","uploaded_to":7341,"date":"2025-07-08 12:15:23","modified":"2025-07-08 12:15:23","menu_order":0,"mime_type":"image\/jpeg","type":"image","subtype":"jpeg","icon":"https:\/\/klosterherberge-solothurn.ch\/wp\/wp-includes\/images\/media\/default.png","width":1667,"height":1667,"sizes":{"thumbnail":"https:\/\/klosterherberge-solothurn.ch\/app\/uploads\/2025\/07\/250611_125_SvG_w-aspect-ratio-630-630-3-150x150.jpg","thumbnail-width":150,"thumbnail-height":150,"medium":"https:\/\/klosterherberge-solothurn.ch\/app\/uploads\/2025\/07\/250611_125_SvG_w-aspect-ratio-630-630-3-300x300.jpg","medium-width":300,"medium-height":300,"medium_large":"https:\/\/klosterherberge-solothurn.ch\/app\/uploads\/2025\/07\/250611_125_SvG_w-aspect-ratio-630-630-3-768x768.jpg","medium_large-width":768,"medium_large-height":768,"large":"https:\/\/klosterherberge-solothurn.ch\/app\/uploads\/2025\/07\/250611_125_SvG_w-aspect-ratio-630-630-3-1024x1024.jpg","large-width":1024,"large-height":1024,"1536x1536":"https:\/\/klosterherberge-solothurn.ch\/app\/uploads\/2025\/07\/250611_125_SvG_w-aspect-ratio-630-630-3-1536x1536.jpg","1536x1536-width":1536,"1536x1536-height":1536,"2048x2048":"https:\/\/klosterherberge-solothurn.ch\/app\/uploads\/2025\/07\/250611_125_SvG_w-aspect-ratio-630-630-3.jpg","2048x2048-width":1667,"2048x2048-height":1667},"original_image":{"ID":7146,"id":7146,"title":"250611_125_SvG_w","filename":"250611_125_SvG_w.jpg","filesize":758166,"url":"https:\/\/klosterherberge-solothurn.ch\/app\/uploads\/2025\/07\/250611_125_SvG_w.jpg","link":"https:\/\/klosterherberge-solothurn.ch\/fr\/gut-zu-wissen\/250611_125_svg_w\/","alt":"","author":"3","description":"","caption":"","name":"250611_125_svg_w","status":"inherit","uploaded_to":5781,"date":"2025-07-08 11:14:25","modified":"2025-07-08 11:14:25","menu_order":0,"mime_type":"image\/jpeg","type":"image","subtype":"jpeg","icon":"https:\/\/klosterherberge-solothurn.ch\/wp\/wp-includes\/images\/media\/default.png","width":1667,"height":2500,"sizes":{"thumbnail":"https:\/\/klosterherberge-solothurn.ch\/app\/uploads\/2025\/07\/250611_125_SvG_w-150x150.jpg","thumbnail-width":150,"thumbnail-height":150,"medium":"https:\/\/klosterherberge-solothurn.ch\/app\/uploads\/2025\/07\/250611_125_SvG_w-200x300.jpg","medium-width":200,"medium-height":300,"medium_large":"https:\/\/klosterherberge-solothurn.ch\/app\/uploads\/2025\/07\/250611_125_SvG_w-768x1152.jpg","medium_large-width":768,"medium_large-height":1152,"large":"https:\/\/klosterherberge-solothurn.ch\/app\/uploads\/2025\/07\/250611_125_SvG_w-683x1024.jpg","large-width":683,"large-height":1024,"1536x1536":"https:\/\/klosterherberge-solothurn.ch\/app\/uploads\/2025\/07\/250611_125_SvG_w-1024x1536.jpg","1536x1536-width":1024,"1536x1536-height":1536,"2048x2048":"https:\/\/klosterherberge-solothurn.ch\/app\/uploads\/2025\/07\/250611_125_SvG_w-1366x2048.jpg","2048x2048-width":1366,"2048x2048-height":2048}}},"image-mobile":{"ID":7279,"id":7279,"title":"250611_125_SvG_w-aspect-ratio-630-756","filename":"250611_125_SvG_w-aspect-ratio-630-756-3.jpg","filesize":701648,"url":"https:\/\/klosterherberge-solothurn.ch\/app\/uploads\/2025\/07\/250611_125_SvG_w-aspect-ratio-630-756-3.jpg","link":"https:\/\/klosterherberge-solothurn.ch\/fr\/velos\/250611_125_svg_w-aspect-ratio-630-756-2-2\/","alt":"","author":"3","description":"","caption":"","name":"250611_125_svg_w-aspect-ratio-630-756-2-2","status":"inherit","uploaded_to":7341,"date":"2025-07-08 12:15:33","modified":"2025-07-08 12:15:33","menu_order":0,"mime_type":"image\/jpeg","type":"image","subtype":"jpeg","icon":"https:\/\/klosterherberge-solothurn.ch\/wp\/wp-includes\/images\/media\/default.png","width":1667,"height":2001,"sizes":{"thumbnail":"https:\/\/klosterherberge-solothurn.ch\/app\/uploads\/2025\/07\/250611_125_SvG_w-aspect-ratio-630-756-3-150x150.jpg","thumbnail-width":150,"thumbnail-height":150,"medium":"https:\/\/klosterherberge-solothurn.ch\/app\/uploads\/2025\/07\/250611_125_SvG_w-aspect-ratio-630-756-3-250x300.jpg","medium-width":250,"medium-height":300,"medium_large":"https:\/\/klosterherberge-solothurn.ch\/app\/uploads\/2025\/07\/250611_125_SvG_w-aspect-ratio-630-756-3-768x922.jpg","medium_large-width":768,"medium_large-height":922,"large":"https:\/\/klosterherberge-solothurn.ch\/app\/uploads\/2025\/07\/250611_125_SvG_w-aspect-ratio-630-756-3-853x1024.jpg","large-width":853,"large-height":1024,"1536x1536":"https:\/\/klosterherberge-solothurn.ch\/app\/uploads\/2025\/07\/250611_125_SvG_w-aspect-ratio-630-756-3-1280x1536.jpg","1536x1536-width":1280,"1536x1536-height":1536,"2048x2048":"https:\/\/klosterherberge-solothurn.ch\/app\/uploads\/2025\/07\/250611_125_SvG_w-aspect-ratio-630-756-3.jpg","2048x2048-width":1667,"2048x2048-height":2001},"original_image":{"ID":7146,"id":7146,"title":"250611_125_SvG_w","filename":"250611_125_SvG_w.jpg","filesize":758166,"url":"https:\/\/klosterherberge-solothurn.ch\/app\/uploads\/2025\/07\/250611_125_SvG_w.jpg","link":"https:\/\/klosterherberge-solothurn.ch\/fr\/gut-zu-wissen\/250611_125_svg_w\/","alt":"","author":"3","description":"","caption":"","name":"250611_125_svg_w","status":"inherit","uploaded_to":5781,"date":"2025-07-08 11:14:25","modified":"2025-07-08 11:14:25","menu_order":0,"mime_type":"image\/jpeg","type":"image","subtype":"jpeg","icon":"https:\/\/klosterherberge-solothurn.ch\/wp\/wp-includes\/images\/media\/default.png","width":1667,"height":2500,"sizes":{"thumbnail":"https:\/\/klosterherberge-solothurn.ch\/app\/uploads\/2025\/07\/250611_125_SvG_w-150x150.jpg","thumbnail-width":150,"thumbnail-height":150,"medium":"https:\/\/klosterherberge-solothurn.ch\/app\/uploads\/2025\/07\/250611_125_SvG_w-200x300.jpg","medium-width":200,"medium-height":300,"medium_large":"https:\/\/klosterherberge-solothurn.ch\/app\/uploads\/2025\/07\/250611_125_SvG_w-768x1152.jpg","medium_large-width":768,"medium_large-height":1152,"large":"https:\/\/klosterherberge-solothurn.ch\/app\/uploads\/2025\/07\/250611_125_SvG_w-683x1024.jpg","large-width":683,"large-height":1024,"1536x1536":"https:\/\/klosterherberge-solothurn.ch\/app\/uploads\/2025\/07\/250611_125_SvG_w-1024x1536.jpg","1536x1536-width":1024,"1536x1536-height":1536,"2048x2048":"https:\/\/klosterherberge-solothurn.ch\/app\/uploads\/2025\/07\/250611_125_SvG_w-1366x2048.jpg","2048x2048-width":1366,"2048x2048-height":2048}}},"show_additional_images":false,"additional_images":[{"image":{"ID":6975,"id":6975,"title":"250611_280_SvG-HDR-Pano_w-aspect-ratio-630-630","filename":"250611_280_SvG-HDR-Pano_w-aspect-ratio-630-630.jpg","filesize":510628,"url":"https:\/\/klosterherberge-solothurn.ch\/app\/uploads\/2025\/06\/250611_280_SvG-HDR-Pano_w-aspect-ratio-630-630.jpg","link":"https:\/\/klosterherberge-solothurn.ch\/fr\/chambres-du-couvent\/250611_280_svg-hdr-pano_w-aspect-ratio-630-630-2\/","alt":"","author":"3","description":"","caption":"","name":"250611_280_svg-hdr-pano_w-aspect-ratio-630-630-2","status":"inherit","uploaded_to":7423,"date":"2025-06-30 12:57:21","modified":"2025-06-30 12:57:21","menu_order":0,"mime_type":"image\/jpeg","type":"image","subtype":"jpeg","icon":"https:\/\/klosterherberge-solothurn.ch\/wp\/wp-includes\/images\/media\/default.png","width":2058,"height":2058,"sizes":{"thumbnail":"https:\/\/klosterherberge-solothurn.ch\/app\/uploads\/2025\/06\/250611_280_SvG-HDR-Pano_w-aspect-ratio-630-630-150x150.jpg","thumbnail-width":150,"thumbnail-height":150,"medium":"https:\/\/klosterherberge-solothurn.ch\/app\/uploads\/2025\/06\/250611_280_SvG-HDR-Pano_w-aspect-ratio-630-630-300x300.jpg","medium-width":300,"medium-height":300,"medium_large":"https:\/\/klosterherberge-solothurn.ch\/app\/uploads\/2025\/06\/250611_280_SvG-HDR-Pano_w-aspect-ratio-630-630-768x768.jpg","medium_large-width":768,"medium_large-height":768,"large":"https:\/\/klosterherberge-solothurn.ch\/app\/uploads\/2025\/06\/250611_280_SvG-HDR-Pano_w-aspect-ratio-630-630-1024x1024.jpg","large-width":1024,"large-height":1024,"1536x1536":"https:\/\/klosterherberge-solothurn.ch\/app\/uploads\/2025\/06\/250611_280_SvG-HDR-Pano_w-aspect-ratio-630-630-1536x1536.jpg","1536x1536-width":1536,"1536x1536-height":1536,"2048x2048":"https:\/\/klosterherberge-solothurn.ch\/app\/uploads\/2025\/06\/250611_280_SvG-HDR-Pano_w-aspect-ratio-630-630-2048x2048.jpg","2048x2048-width":2048,"2048x2048-height":2048},"original_image":{"ID":6970,"id":6970,"title":"250611_280_SvG-HDR-Pano_w","filename":"250611_280_SvG-HDR-Pano_w.jpg","filesize":492846,"url":"https:\/\/klosterherberge-solothurn.ch\/app\/uploads\/2025\/06\/250611_280_SvG-HDR-Pano_w.jpg","link":"https:\/\/klosterherberge-solothurn.ch\/fr\/klosterzimmer\/250611_280_svg-hdr-pano_w\/","alt":"","author":"3","description":"","caption":"","name":"250611_280_svg-hdr-pano_w","status":"inherit","uploaded_to":6493,"date":"2025-06-30 12:57:09","modified":"2025-06-30 12:57:09","menu_order":0,"mime_type":"image\/jpeg","type":"image","subtype":"jpeg","icon":"https:\/\/klosterherberge-solothurn.ch\/wp\/wp-includes\/images\/media\/default.png","width":2500,"height":2058,"sizes":{"thumbnail":"https:\/\/klosterherberge-solothurn.ch\/app\/uploads\/2025\/06\/250611_280_SvG-HDR-Pano_w-150x150.jpg","thumbnail-width":150,"thumbnail-height":150,"medium":"https:\/\/klosterherberge-solothurn.ch\/app\/uploads\/2025\/06\/250611_280_SvG-HDR-Pano_w-300x247.jpg","medium-width":300,"medium-height":247,"medium_large":"https:\/\/klosterherberge-solothurn.ch\/app\/uploads\/2025\/06\/250611_280_SvG-HDR-Pano_w-768x632.jpg","medium_large-width":768,"medium_large-height":632,"large":"https:\/\/klosterherberge-solothurn.ch\/app\/uploads\/2025\/06\/250611_280_SvG-HDR-Pano_w-1024x843.jpg","large-width":1024,"large-height":843,"1536x1536":"https:\/\/klosterherberge-solothurn.ch\/app\/uploads\/2025\/06\/250611_280_SvG-HDR-Pano_w-1536x1264.jpg","1536x1536-width":1536,"1536x1536-height":1264,"2048x2048":"https:\/\/klosterherberge-solothurn.ch\/app\/uploads\/2025\/06\/250611_280_SvG-HDR-Pano_w-2048x1686.jpg","2048x2048-width":2048,"2048x2048-height":1686}}},"image-mobile":{"ID":6978,"id":6978,"title":"250611_280_SvG-HDR-Pano_w-aspect-ratio-630-756","filename":"250611_280_SvG-HDR-Pano_w-aspect-ratio-630-756.jpg","filesize":456707,"url":"https:\/\/klosterherberge-solothurn.ch\/app\/uploads\/2025\/06\/250611_280_SvG-HDR-Pano_w-aspect-ratio-630-756.jpg","link":"https:\/\/klosterherberge-solothurn.ch\/fr\/chambres-du-couvent\/250611_280_svg-hdr-pano_w-aspect-ratio-630-756-2\/","alt":"","author":"3","description":"","caption":"","name":"250611_280_svg-hdr-pano_w-aspect-ratio-630-756-2","status":"inherit","uploaded_to":7423,"date":"2025-06-30 12:57:36","modified":"2025-06-30 12:57:36","menu_order":0,"mime_type":"image\/jpeg","type":"image","subtype":"jpeg","icon":"https:\/\/klosterherberge-solothurn.ch\/wp\/wp-includes\/images\/media\/default.png","width":1715,"height":2058,"sizes":{"thumbnail":"https:\/\/klosterherberge-solothurn.ch\/app\/uploads\/2025\/06\/250611_280_SvG-HDR-Pano_w-aspect-ratio-630-756-150x150.jpg","thumbnail-width":150,"thumbnail-height":150,"medium":"https:\/\/klosterherberge-solothurn.ch\/app\/uploads\/2025\/06\/250611_280_SvG-HDR-Pano_w-aspect-ratio-630-756-250x300.jpg","medium-width":250,"medium-height":300,"medium_large":"https:\/\/klosterherberge-solothurn.ch\/app\/uploads\/2025\/06\/250611_280_SvG-HDR-Pano_w-aspect-ratio-630-756-768x922.jpg","medium_large-width":768,"medium_large-height":922,"large":"https:\/\/klosterherberge-solothurn.ch\/app\/uploads\/2025\/06\/250611_280_SvG-HDR-Pano_w-aspect-ratio-630-756-853x1024.jpg","large-width":853,"large-height":1024,"1536x1536":"https:\/\/klosterherberge-solothurn.ch\/app\/uploads\/2025\/06\/250611_280_SvG-HDR-Pano_w-aspect-ratio-630-756-1280x1536.jpg","1536x1536-width":1280,"1536x1536-height":1536,"2048x2048":"https:\/\/klosterherberge-solothurn.ch\/app\/uploads\/2025\/06\/250611_280_SvG-HDR-Pano_w-aspect-ratio-630-756-1707x2048.jpg","2048x2048-width":1707,"2048x2048-height":2048},"original_image":{"ID":6970,"id":6970,"title":"250611_280_SvG-HDR-Pano_w","filename":"250611_280_SvG-HDR-Pano_w.jpg","filesize":492846,"url":"https:\/\/klosterherberge-solothurn.ch\/app\/uploads\/2025\/06\/250611_280_SvG-HDR-Pano_w.jpg","link":"https:\/\/klosterherberge-solothurn.ch\/fr\/klosterzimmer\/250611_280_svg-hdr-pano_w\/","alt":"","author":"3","description":"","caption":"","name":"250611_280_svg-hdr-pano_w","status":"inherit","uploaded_to":6493,"date":"2025-06-30 12:57:09","modified":"2025-06-30 12:57:09","menu_order":0,"mime_type":"image\/jpeg","type":"image","subtype":"jpeg","icon":"https:\/\/klosterherberge-solothurn.ch\/wp\/wp-includes\/images\/media\/default.png","width":2500,"height":2058,"sizes":{"thumbnail":"https:\/\/klosterherberge-solothurn.ch\/app\/uploads\/2025\/06\/250611_280_SvG-HDR-Pano_w-150x150.jpg","thumbnail-width":150,"thumbnail-height":150,"medium":"https:\/\/klosterherberge-solothurn.ch\/app\/uploads\/2025\/06\/250611_280_SvG-HDR-Pano_w-300x247.jpg","medium-width":300,"medium-height":247,"medium_large":"https:\/\/klosterherberge-solothurn.ch\/app\/uploads\/2025\/06\/250611_280_SvG-HDR-Pano_w-768x632.jpg","medium_large-width":768,"medium_large-height":632,"large":"https:\/\/klosterherberge-solothurn.ch\/app\/uploads\/2025\/06\/250611_280_SvG-HDR-Pano_w-1024x843.jpg","large-width":1024,"large-height":843,"1536x1536":"https:\/\/klosterherberge-solothurn.ch\/app\/uploads\/2025\/06\/250611_280_SvG-HDR-Pano_w-1536x1264.jpg","1536x1536-width":1536,"1536x1536-height":1264,"2048x2048":"https:\/\/klosterherberge-solothurn.ch\/app\/uploads\/2025\/06\/250611_280_SvG-HDR-Pano_w-2048x1686.jpg","2048x2048-width":2048,"2048x2048-height":1686}}}}],"cta-show":false,"cta":{"link":null,"icon":"none"}}}]},"seo":{"active":true,"title":"","text":"","image":false,"keywords":""},"scripts-page":""},"_links":{"self":[{"href":"https:\/\/klosterherberge-solothurn.ch\/fr\/wp-json\/wp\/v2\/pages\/7341","targetHints":{"allow":["GET"]}}],"collection":[{"href":"https:\/\/klosterherberge-solothurn.ch\/fr\/wp-json\/wp\/v2\/pages"}],"about":[{"href":"https:\/\/klosterherberge-solothurn.ch\/fr\/wp-json\/wp\/v2\/types\/page"}],"author":[{"embeddable":true,"href":"https:\/\/klosterherberge-solothurn.ch\/fr\/wp-json\/wp\/v2\/users\/3"}],"replies":[{"embeddable":true,"href":"https:\/\/klosterherberge-solothurn.ch\/fr\/wp-json\/wp\/v2\/comments?post=7341"}],"version-history":[{"count":3,"href":"https:\/\/klosterherberge-solothurn.ch\/fr\/wp-json\/wp\/v2\/pages\/7341\/revisions"}],"predecessor-version":[{"id":7391,"href":"https:\/\/klosterherberge-solothurn.ch\/fr\/wp-json\/wp\/v2\/pages\/7341\/revisions\/7391"}],"wp:attachment":[{"href":"https:\/\/klosterherberge-solothurn.ch\/fr\/wp-json\/wp\/v2\/media?parent=7341"}],"curies":[{"name":"wp","href":"https:\/\/api.w.org\/{rel}","templated":true}]}}